{"id":6111,"date":"2022-05-09T15:20:06","date_gmt":"2022-05-09T13:20:06","guid":{"rendered":"https:\/\/leonore-mau.de\/exhibitions\/ausstellungsuebersicht\/"},"modified":"2025-10-16T10:59:29","modified_gmt":"2025-10-16T08:59:29","slug":"ausstellungsuebersicht","status":"publish","type":"page","link":"https:\/\/leonore-mau.de\/en\/exhibitions\/ausstellungsuebersicht\/","title":{"rendered":"Exhibition Overview"},"content":{"rendered":"\n<style type=\"text\/css\" data-created_by=\"avia_inline_auto\" id=\"style-css-av-l6ktkj27-4253a27993cb65574f494edc3a3c88a8\">\n#top .av-special-heading.av-l6ktkj27-4253a27993cb65574f494edc3a3c88a8{\npadding-bottom:10px;\n}\nbody .av-special-heading.av-l6ktkj27-4253a27993cb65574f494edc3a3c88a8 .av-special-heading-tag .heading-char{\nfont-size:25px;\n}\n.av-special-heading.av-l6ktkj27-4253a27993cb65574f494edc3a3c88a8 .av-subheading{\nfont-size:15px;\n}\n<\/style>\n<div  class='av-special-heading av-l6ktkj27-4253a27993cb65574f494edc3a3c88a8 av-special-heading-h3  avia-builder-el-0  el_before_av_hr  avia-builder-el-first '><h3 class='av-special-heading-tag '  itemprop=\"headline\"  >Exhibition Overview<\/h3><div class=\"special-heading-border\"><div class=\"special-heading-inner-border\"><\/div><\/div><\/div>\n\n<style type=\"text\/css\" data-created_by=\"avia_inline_auto\" id=\"style-css-av-1kdfii-5fbb486b5947fd1dd0f71b3800ba8fe1\">\n#top .hr.hr-invisible.av-1kdfii-5fbb486b5947fd1dd0f71b3800ba8fe1{\nheight:50px;\n}\n<\/style>\n<div  class='hr av-1kdfii-5fbb486b5947fd1dd0f71b3800ba8fe1 hr-invisible  avia-builder-el-1  el_after_av_heading  el_before_av_one_full '><span class='hr-inner '><span class=\"hr-inner-style\"><\/span><\/span><\/div>\n<div  class='flex_column av-1gsyii-a4ef81d83f0a065ded92f4f6e29bde5d av_one_full  avia-builder-el-2  el_after_av_hr  el_before_av_hr  first flex_column_div  '     ><section  class='av_textblock_section av-l78r3xr4-f473a595f3075f533486ac2f6e6055e1 '   itemscope=\"itemscope\" itemtype=\"https:\/\/schema.org\/CreativeWork\" ><div class='avia_textblock'  itemprop=\"text\" ><h4><strong>LIST OF EXHIBITIONS: LEONORE MAU \u00a01964 \u00ad<\/strong><strong>\u2013 2025\/26<\/strong><\/h4>\n<\/div><\/section><\/div>\n<style type=\"text\/css\" data-created_by=\"avia_inline_auto\" id=\"style-css-av-182un6-aeddb1699f1d7f1036a824d40f88231c\">\n#top .hr.hr-invisible.av-182un6-aeddb1699f1d7f1036a824d40f88231c{\nheight:25px;\n}\n<\/style>\n<div  class='hr av-182un6-aeddb1699f1d7f1036a824d40f88231c hr-invisible  avia-builder-el-4  el_after_av_one_full  el_before_av_one_full '><span class='hr-inner '><span class=\"hr-inner-style\"><\/span><\/span><\/div><\/p>\n<div  class='flex_column av-14neyy-812d166ea92f6e27560b0c2be6cc102b av_one_full  avia-builder-el-5  el_after_av_hr  el_before_av_hr  first flex_column_div  '     ><section  class='av_textblock_section av-l78rf8iv-b38a60dc62208342eea0a80746de0f97 '   itemscope=\"itemscope\" itemtype=\"https:\/\/schema.org\/CreativeWork\" ><div class='avia_textblock'  itemprop=\"text\" ><p><strong>SOLO AND GROUP EXHIBITION | <a href=\"https:\/\/leonore-mau.de\/wp-content\/uploads\/2023\/08\/230824_Ausstellungsuebersicht-Mau.pdf\" target=\"_blank\" rel=\"noopener\">List of exhibitions as PDF<\/a><\/strong><\/p>\n<\/div><\/section><\/div>\n<style type=\"text\/css\" data-created_by=\"avia_inline_auto\" id=\"style-css-av-z0iyi-e9a0d0951d47a1c59b17928f1a9d2d86\">\n#top .hr.hr-invisible.av-z0iyi-e9a0d0951d47a1c59b17928f1a9d2d86{\nheight:50px;\n}\n<\/style>\n<div  class='hr av-z0iyi-e9a0d0951d47a1c59b17928f1a9d2d86 hr-invisible  avia-builder-el-7  el_after_av_one_full  el_before_av_one_full '><span class='hr-inner '><span class=\"hr-inner-style\"><\/span><\/span><\/div><\/p>\n<div  class='flex_column av-15ip6-b200aa2d7bafeafcdf773cb395b65399 av_one_full  avia-builder-el-8  el_after_av_hr  el_before_av_hr  first flex_column_div  '     ><section  class='av_textblock_section av-l5tb18za-df5f77b254a6fe1bb4433ab4eaee46d8 '   itemscope=\"itemscope\" itemtype=\"https:\/\/schema.org\/CreativeWork\" ><div class='avia_textblock'  itemprop=\"text\" ><p><strong>SOLO EXHIBITIONS<br \/>\n<\/strong><\/p>\n<table width=\"100%\">\n<tbody>\n<tr>\n<td width=\"7%\"><strong>Year<\/strong><\/td>\n<td width=\"29%\"><strong>Title<\/strong><\/td>\n<td width=\"27%\"><strong>Institution<\/strong><\/td>\n<td width=\"16%\"><strong>Period<\/strong><\/td>\n<td width=\"17%\"><strong>Curators<\/strong><\/td>\n<\/tr>\n<tr>\n<td width=\"7%\">2025\/25<\/td>\n<td width=\"29%\"><em>Leonore Mau and Haiti. An exhibition by U5<\/em><\/td>\n<td width=\"27%\">Lenbachhaus, Munich<\/td>\n<td width=\"16%\">04.11.2025\u201315.02.2026<\/td>\n<td width=\"17%\">Dora Imhof and K\u00fcnstlerinnenkollektiv U5<\/td>\n<\/tr>\n<tr>\n<td width=\"7%\">2020<\/td>\n<td width=\"29%\"><em>SITUATION #200: Case Study aus der Sammlung Fotomuseum Winterthur zu den Arbeiten von Leonore Mau, SITUATIONS\/The Right to Look<\/em><\/td>\n<td width=\"27%\">Fotomuseum Winterthur<\/td>\n<td width=\"16%\">29.02.\u201318.10.2020<\/td>\n<td width=\"17%\">Dr. Doris Gassert, Mona Schubert<\/td>\n<\/tr>\n<tr>\n<td width=\"7%\">2016\/17<\/td>\n<td width=\"29%\"><em>Die Fotografin Leonore Mau. Von Hamburg in die Welt<\/em><\/td>\n<td width=\"27%\">Jenisch-Haus, Hamburg (Kooperation der S. Fischer Stiftung, der Stiftung Historischen Museen Hamburg und der Stiftung F.C. Gundlach)<\/td>\n<td width=\"16%\">27.11.2016\u201323.04.2017<\/td>\n<td width=\"17%\">Franziska Mecklenburg (Stiftung F.C. Gundlach)<\/td>\n<\/tr>\n<tr>\n<td width=\"7%\">2016\/17<\/td>\n<td width=\"29%\"><em>A Casa de Leonore Mau\/ Das Haus von Leonore Mau<\/em><\/td>\n<td width=\"27%\">Ch\u00e3o Slz, S\u00e3o Lu\u00eds do Maranh\u00e3o<\/p>\n<p>Centro Cultural Banco do Brasil (CCBB), Bras\u00edlia<\/p>\n<p>Goethe-Institut Porto Alegre<\/td>\n<td width=\"16%\">19.10.\u201320.12.2017<\/p>\n<p>04.07.\u201320.08.2017<\/p>\n<p>17.11.2016\u201301.04.2017<\/td>\n<td width=\"17%\">Prof. Alexandre Santos (Kunst-wissenschaftler an der Bundesuniversit\u00e4t Rio Grande do Sul)<\/td>\n<\/tr>\n<tr>\n<td width=\"7%\">2016<\/td>\n<td width=\"29%\"><em>Leonore Mau. Bilder des Schwarzen Atlantiks. Von Brasilien, Trinidad, Grenada, Haiti bis Hamburg<\/em><\/td>\n<td width=\"27%\">Galerie peripherie im Sudhaus (Sudhaus e.V.), T\u00fcbingen<\/td>\n<td width=\"16%\">11.11.\u2013 27.12.2016<\/p>\n<p><em>\u00a0<\/em><\/td>\n<td width=\"17%\">Nathalie David, Hartmut Fischer, Adalbert Sedelmeier, J\u00f6rg Wenzel<\/td>\n<\/tr>\n<tr>\n<td width=\"7%\">2016<\/td>\n<td width=\"29%\"><em>&#8220;Empfindlichkeiten&#8221; Leonore Mau &#8211; Hubert Fichte<\/em><\/td>\n<td width=\"27%\">Literarisches Colloquium Berlin<\/td>\n<td width=\"16%\">14.06. \u2013 30.09.2016<\/td>\n<td width=\"17%\">[o.A.]<\/td>\n<\/tr>\n<tr>\n<td width=\"7%\">2014<\/td>\n<td width=\"29%\"><em>Das zweite Gesicht. Hommage \u00e0 Leonore Mau<\/em><\/td>\n<td width=\"27%\">Deichtorhallen Hamburg, Haus der Photographie<\/p>\n<p>Forum f\u00fcr Fotografie, K\u00f6ln<\/td>\n<td width=\"16%\">09.02.\u201323.04.2014<\/p>\n<p>09.11.\u201321.12.2014<\/td>\n<td width=\"17%\">Franziska Mecklenburg (Stiftung F.C. Gundlach)<\/td>\n<\/tr>\n<tr>\n<td width=\"7%\">2007<\/td>\n<td width=\"29%\"><em>Gott allein die Ehre. Der Orgelreichtum im Alten Land<\/em><\/td>\n<td width=\"27%\">Museum Altes Land, Jork<\/td>\n<td width=\"16%\">07.06. \u201326.08.2007<\/td>\n<td width=\"17%\">[o.A.]<\/td>\n<\/tr>\n<tr>\n<td width=\"7%\">2005\/06<\/td>\n<td width=\"29%\"><em>Hubert Fichte und Leonore Mau. Der Schriftsteller und die Photographin \u2013 Eine Lebensreise<\/em><\/td>\n<td width=\"27%\">Deichtorhallen Hamburg, Haus der Photographie<\/td>\n<td width=\"16%\">16.09.2005\u201308.01.2006<\/td>\n<td width=\"17%\">Wilfried F. Schoeller unter Mitarbeit von Rahel Holenstein<\/td>\n<\/tr>\n<tr>\n<td width=\"7%\">2002<\/td>\n<td width=\"29%\"><em>Xango \u2013 Lebende G\u00f6tter, Fotografien von Leonore Mau \u2013 Texte: Hubert Fichte <\/em><\/td>\n<td width=\"27%\">Museum f\u00fcr V\u00f6lkerkunde zu Leipzig (Grassi), Interim M\u00e4dlerpassage<\/td>\n<td width=\"16%\">16.08.\u201320.10.2002<\/td>\n<td width=\"17%\">Dr. Claus Deimel<\/td>\n<\/tr>\n<tr>\n<td width=\"7%\">2002<\/td>\n<td width=\"29%\"><em>Als Gast von Hinrich Sachs: Leonore Mau, Fotografin<\/em><\/td>\n<td width=\"27%\">Kunsthalle Basel<\/td>\n<td width=\"16%\">23.03.\u00ad\u00ad\u201312.05.2002<\/td>\n<td width=\"17%\">Hinrich Sachs<\/td>\n<\/tr>\n<tr>\n<td width=\"7%\">2001<\/td>\n<td width=\"29%\"><em>Xango<\/em><\/td>\n<td width=\"27%\">Goethe Institut, Salvador-Bahia (im Rahmen des Programms <em>Black Atlantic<\/em>)<\/td>\n<td width=\"16%\">26.07.\u201322.08.2001<\/td>\n<td width=\"17%\">[o.A.]<\/td>\n<\/tr>\n<tr>\n<td width=\"7%\">2000<\/td>\n<td width=\"29%\"><em>Living Gods. Photographs from West Africa and the Americas 1970 &#8211; 1985<\/em><\/td>\n<td width=\"27%\">Silvana Facchini Gallery, Miami<\/td>\n<td width=\"16%\">25.10.\u2013[?].2000<\/td>\n<td width=\"17%\">[Silvana Facchini]<\/td>\n<\/tr>\n<tr>\n<td width=\"7%\">1999<\/td>\n<td width=\"29%\"><em>G\u00f6tter aus Afrika<\/em>. <em>Fotografien von Leonore Mau und Texte von Hubert Fichte. Objekte aus Togo<\/em><\/td>\n<td width=\"27%\">Japanisches Palais, Dresden, Kabinett-Ausstellung im Ethnographischen Salon<\/td>\n<td width=\"16%\">01.04.\u201306.06.1999<\/td>\n<td width=\"17%\">Dr. Silvia Dolz<\/td>\n<\/tr>\n<tr>\n<td width=\"7%\">1993<\/td>\n<td width=\"29%\"><em>G\u00f6tter aus Afrika<\/em><\/td>\n<td width=\"27%\">Forum im Nieders\u00e4chsisches Landesmuseum Hannover, Sonderausstellung der V\u00f6lkerkunde-Abteilung<\/td>\n<td width=\"16%\">19.03.\u201331.05.1993<\/td>\n<td width=\"17%\">Dr. Claus Deimel, Mitarbeit von Ronald Kay<\/td>\n<\/tr>\n<tr>\n<td width=\"7%\">1992<\/td>\n<td width=\"29%\"><em>Afrika in Paris<\/em><\/td>\n<td width=\"27%\">Sudhaus-Galerie (Sudhaus e.V.), T\u00fcbingen<\/td>\n<td width=\"16%\">05.-31.05.1992<\/td>\n<td width=\"17%\">Hartmut Fischer<\/td>\n<\/tr>\n<tr>\n<td width=\"7%\">1991<\/td>\n<td width=\"29%\"><em>Leonore Mau. Xango. Fotos aus Togo, Senegal und Benin<\/em><\/td>\n<td width=\"27%\">Literaturhaus Frankfurt, Frankfurt am Main (mit einem Vortrag von Hans-J\u00fcrgen Heinrichs)<\/td>\n<td width=\"16%\">05.12.-19.12.1991<\/td>\n<td width=\"17%\">[Dr. Thomas Beckermann]<\/td>\n<\/tr>\n<tr>\n<td width=\"7%\">1990<\/td>\n<td width=\"29%\"><em>Fremde. In Memoriam Hubert Fichte (1935-1986)<\/em><\/td>\n<td width=\"27%\">Forum Stadtpark, Graz (im Rahmen des internationales Festival f\u00fcr zeitgen\u00f6ssische Kunst Steirischer Herbst, Literatursymposion)<\/td>\n<td width=\"16%\">11.10.\u201314.10.1990<\/td>\n<td width=\"17%\">[Horst Georg Haberl]<\/td>\n<\/tr>\n<tr>\n<td width=\"7%\">1990<\/td>\n<td width=\"29%\"><em>Leonore Mau. \u201eL`\u00e9tranger dans la ville\u201c<\/em><\/td>\n<td width=\"27%\">Maison de Heidelberg, Montpellier (im Rahmen des Tanzfestivals <em>Montpellier Danse 90<\/em>)<\/td>\n<td width=\"16%\">16.06.\u201312.07.1990<\/td>\n<td width=\"17%\">[o.A.]<\/td>\n<\/tr>\n<tr>\n<td width=\"7%\">1989<\/td>\n<td width=\"29%\"><em>XANGO \u2013 Die afroamerikanischen Religionen<\/em><\/td>\n<td width=\"27%\">Theater im Marienbad, Freiburg im Breisgau (veranstaltet vom V\u00f6lkerkundemuseum (heute: Museum Natur und Mensch), Begleitprogramm des Freiburger Filmforums &#8211; Festival of Transcultural Cinema)<\/td>\n<td width=\"16%\">29.04.\u201304.06.1989<\/td>\n<td width=\"17%\">[o.A.]<\/td>\n<\/tr>\n<tr>\n<td width=\"7%\">1989<\/td>\n<td width=\"29%\"><em>Pina Bausch. Das Tanztheater Wuppertal. Portraits<\/em><\/td>\n<td width=\"27%\">Backstubengalerie, Wuppertal<\/td>\n<td width=\"16%\">24.02.-22.03.1989<\/td>\n<td width=\"17%\">[Christine Ostermann]<\/td>\n<\/tr>\n<tr>\n<td width=\"7%\">1988<\/td>\n<td width=\"29%\">[Heilzeremonien und Zaubermarkt aus Togo, Senegal und Benin. Fotos aus der Dokumentation XANGO und PETERSILIE.]<\/td>\n<td width=\"27%\">Galerie Elisabeth Kaufmann, Basel<\/td>\n<td width=\"16%\">21.10.-04.12.1988<\/td>\n<td width=\"17%\">[Elisabeth Kaufmann]<\/td>\n<\/tr>\n<tr>\n<td width=\"7%\">1988<\/td>\n<td width=\"29%\"><em>Xango<\/em><\/td>\n<td width=\"27%\">Akademie der K\u00fcnste, Berlin \u00a0\u00a0\u00a0\u00a0\u00a0\u00a0\u00a0\u00a0\u00a0\u00a0(im Rahmen des <em>Internationalen Kongress f\u00fcr kulturelle Zusammenarbeit \u00ad\u2013 Mittelamerika-Karibik<\/em>)<\/td>\n<td width=\"16%\">24.\u201329.10.1988<\/td>\n<td width=\"17%\">[o.A.]<\/td>\n<\/tr>\n<tr>\n<td width=\"7%\">1987<\/td>\n<td width=\"29%\"><em>Zomadono<\/em><\/td>\n<td width=\"27%\">Iwalewa Haus, Bayreuth, (Afrikainstitut, heute: Institut f\u00fcr Afrikastudien)<\/td>\n<td width=\"16%\">[?]\u201313. M\u00e4rz 1987<\/td>\n<td width=\"17%\">Ronald Ruprecht<\/td>\n<\/tr>\n<tr>\n<td width=\"7%\">1987<\/td>\n<td width=\"29%\">[o.A.]<\/td>\n<td width=\"27%\">Haspelturm der Uni T\u00fcbingen, Club Voltaire e.V., T\u00fcbingen<\/td>\n<td width=\"16%\">[o.A.]<\/td>\n<td width=\"17%\">Hartmut Fischer<\/td>\n<\/tr>\n<tr>\n<td width=\"7%\">1986<\/td>\n<td width=\"29%\">[o.A.]<\/td>\n<td width=\"27%\">Freie Akademie der K\u00fcnste in Hamburg<a href=\"#_ftn1\" name=\"_ftnref1\">[1]<\/a><\/td>\n<td width=\"16%\">[15.09.- 05.11.1986]<\/td>\n<td width=\"17%\">[o.A.]<\/td>\n<\/tr>\n<tr>\n<td width=\"7%\">1986<\/td>\n<td width=\"29%\"><em>IBEREOAMERICANA\u00a0\u00a0\u00a0\u00a0\u00a0\u00a0\u00a0\u00a0\u00a0\u00a0\u00a0\u00a0\u00a0\u00a0\u00a0\u00a0 Literatur Spaniens, Portugals und Lateinamerikas<\/em><\/td>\n<td width=\"27%\">Kulturbeh\u00f6rde der Freien und Hansestadt Hamburg, Ibero-amerikanisches Forschungsinstitut der Universit\u00e4t<\/td>\n<td width=\"16%\">10.09.-05.10.1986<\/td>\n<td width=\"17%\">[Reinhard G. Wittmann]<\/td>\n<\/tr>\n<tr>\n<td width=\"7%\">1983<\/td>\n<td width=\"29%\"><em>Xango<\/em><\/td>\n<td width=\"27%\">Kunstverein Hamburg<\/td>\n<td width=\"16%\">Herbst 1983<\/td>\n<td width=\"17%\">[o.A.]<\/td>\n<\/tr>\n<tr>\n<td width=\"7%\">1981<\/td>\n<td width=\"29%\"><em>Xango<\/em><\/td>\n<td width=\"27%\">Harlem Studio Museum, New York City<\/td>\n<td width=\"16%\">Herbst 1981<\/td>\n<td width=\"17%\">[Michael Chisolm, Black Emergency Cultural Coalition (BECC)]<\/td>\n<\/tr>\n<tr>\n<td width=\"7%\">1981\u20131983<\/td>\n<td width=\"29%\"><em>Xango<\/em> [\u00fcbernommen von der BECC]<\/p>\n<p><em>\u00a0<\/em><\/td>\n<td width=\"27%\">Man\u00e1gua (Nicaragua) \u00a0\u00a0\u00a0\u00a0\u00a0\u00a0\u00a0\u00a0\u00a0\u00a0\u00a0\u00a0\u00a0Bogot\u00e1 (Kolumbien)\u00a0\u00a0\u00a0\u00a0\u00a0\u00a0\u00a0\u00a0\u00a0\u00a0\u00a0\u00a0 Fortaleza, Recife, S\u00e3o Paulo, Campina Grande, Porto Alegre, S\u00e3o Lu\u00eds do Maranh\u00e3o, Bras\u00edlia (Brasilien)\u00a0\u00a0\u00a0\u00a0\u00a0\u00a0\u00a0\u00a0\u00a0\u00a0\u00a0\u00a0\u00a0\u00a0\u00a0\u00a0\u00a0\u00a0\u00a0\u00a0\u00a0\u00a0\u00a0\u00a0\u00a0\u00a0\u00a0\u00a0\u00a0\u00a0\u00a0 Buenos Aires (Argentinien)\u00a0\u00a0\u00a0 Kingston (Jamaika)<\/td>\n<td width=\"16%\">[o.A.]<\/td>\n<td width=\"17%\">[Michael Chisolm, Black Emergency Cultural Coalition (BECC) &#038; Carola Bodenm\u00fcller, Institut f\u00fcr Auslands-beziehungen]<\/td>\n<\/tr>\n<tr>\n<td width=\"7%\">1981<\/td>\n<td width=\"29%\"><em>Xango<\/em> [anl\u00e4sslich des 75. Geburstags des senegalesischen Staatspr\u00e4sendenten und Dichters L\u00e9opold S\u00e9dar Senghor]<\/td>\n<td width=\"27%\">Universit\u00e9 Cheikh Anta Diop de Dakar<\/td>\n<td width=\"16%\">[o.A.]<\/td>\n<td width=\"17%\">[o.A.]<\/td>\n<\/tr>\n<tr>\n<td width=\"7%\">1980<\/td>\n<td width=\"29%\"><em>Xango<\/em><\/td>\n<td width=\"27%\">Countee Cullen Branch Library, Harlem Public Library, New York City<\/td>\n<td width=\"16%\">Herbst 1980<\/td>\n<td width=\"17%\">[Michael Chisolm, Black Emergency Cultural Coalition (BECC)]<\/td>\n<\/tr>\n<tr>\n<td width=\"7%\">1980<\/td>\n<td width=\"29%\">[o.A.]<\/td>\n<td width=\"27%\">UNO-Geb\u00e4ude, New York City<\/td>\n<td width=\"16%\">Herbst 1980<\/td>\n<td width=\"17%\">[o.A.]<\/td>\n<\/tr>\n<tr>\n<td width=\"7%\">1980<\/td>\n<td width=\"29%\"><em>Dokumente zu afroamerikanischen Religionen<\/em><\/td>\n<td width=\"27%\">Goethe-Universit\u00e4t Frankfurt am Main<\/td>\n<td width=\"16%\">07.-17.10.1980<\/td>\n<td width=\"17%\">[Eike Haberland]<\/td>\n<\/tr>\n<tr>\n<td width=\"7%\">1980<\/td>\n<td width=\"29%\">[o.A.]<\/td>\n<td width=\"27%\">\u00dcbersee-Museum Bremen, zur Karibischen Woche<\/td>\n<td width=\"16%\">Juni 1980<\/td>\n<td width=\"17%\">[o.A]<\/td>\n<\/tr>\n<tr>\n<td width=\"7%\">1978<\/td>\n<td width=\"29%\">[o.A.]<\/td>\n<td width=\"27%\">Deutsches Institut<a href=\"#_ftn2\" name=\"_ftnref2\">[2]<\/a>, Port-au-Prince<\/td>\n<td width=\"16%\">[o.A.]<\/td>\n<td width=\"17%\">[o.A]<\/td>\n<\/tr>\n<tr>\n<td width=\"7%\">1977<\/td>\n<td width=\"29%\"><em>Xango<\/em> [begleitende Herausgabe der Mappe <em>Grosse Anatomie<\/em>]<\/td>\n<td width=\"27%\">PPS. Galerie F.C. Gundlach,\u00a0\u00a0\u00a0\u00a0\u00a0 Neue Literarische Gesellschaft Hamburg e.V.<\/td>\n<td width=\"16%\">15.03.-[?].1977<\/td>\n<td width=\"17%\">[F.C. Gundlach]<\/td>\n<\/tr>\n<tr>\n<td width=\"7%\">1977<\/td>\n<td width=\"29%\">[o.A.] [begleitend zu Hubert Fichte Vortrag <em>Ketzerische Bemerkungen f\u00fcr eine neue Wissenschaft vom Menschen<\/em>]<\/td>\n<td width=\"27%\">Frobenius-Gesellschaft\/-Institut, Frankfurt am Main<\/td>\n<td width=\"16%\">12.01.1977<\/td>\n<td width=\"17%\">[Eike Haberland]<\/td>\n<\/tr>\n<tr>\n<td width=\"7%\">1976<\/td>\n<td width=\"29%\">[o.A.] [anl\u00e4sslich des 70. Geburstags des senegalesischen Staatspr\u00e4sendenten und Dichters L\u00e9opold S\u00e9dar Senghor]<\/td>\n<td width=\"27%\">Institut Fondamental de l\u2019Afrique Noir (IFAN), Dakar<\/td>\n<td width=\"16%\">[o.A.]<\/td>\n<td width=\"17%\">[o.A]<\/td>\n<\/tr>\n<tr>\n<td width=\"7%\">1976<\/td>\n<td width=\"29%\"><em>XANGO. Die afroamerikanischen Religionen. Bahia &#8211; Haiti \u2013 Trinidad. 1974 -1975<\/em><\/td>\n<td width=\"27%\">Galerie\/Buchhandlung Helmut von der H\u00f6h, Hamburg [seit 2006 geschlossen]<\/td>\n<td width=\"16%\">15.-31.12.1976<\/td>\n<td width=\"17%\">[Helmut von der H\u00f6h]<\/td>\n<\/tr>\n<\/tbody>\n<\/table>\n<p><a href=\"#_ftnref1\" name=\"_ftn1\">[1]<\/a> Not clearly provable. Probably accompanying the event <em>Fichtes Freunde lesen Fichte<\/em>.<\/p>\n<p><a href=\"#_ftnref2\" name=\"_ftn2\">[2]<\/a> Not clearly evident exactly what kind of institution it is. The German Embassy?<\/p>\n<\/div><\/section><\/div>\n<div  class='hr av-ojpde-aad2bd7e9e737631089fceb77a8583a5 hr-default  avia-builder-el-10  el_after_av_one_full  el_before_av_textblock '><span class='hr-inner '><span class=\"hr-inner-style\"><\/span><\/span><\/div>\n<section  class='av_textblock_section av-l78r6q0r-b7d69bc2053897f0d8796524d36d7deb '   itemscope=\"itemscope\" itemtype=\"https:\/\/schema.org\/CreativeWork\" ><div class='avia_textblock'  itemprop=\"text\" ><p><strong>GROUP EXHIBITIONS<\/strong><\/p>\n<table width=\"100%\">\n<tbody>\n<tr>\n<td width=\"8%\"><strong>Year<\/strong><\/td>\n<td colspan=\"2\" width=\"29%\"><strong>Title<\/strong><\/td>\n<td width=\"27%\"><strong>Institution<\/strong><\/td>\n<td width=\"15%\"><strong>Period<\/strong><\/td>\n<td width=\"18%\"><strong>Curators<em><br \/>\n<\/em><\/strong><\/td>\n<\/tr>\n<tr>\n<td width=\"8%\">2019\/20<\/td>\n<td colspan=\"2\" width=\"29%\"><em>Liebe und Ethnologie &#8211;<br \/>\nDie koloniale Dialektik der Empfindlichkeit<br \/>\n(nach Hubert Fichte)<\/em><\/td>\n<td width=\"27%\">Haus der Kulturen der Welt (HKW), Berlin<\/td>\n<td width=\"15%\">18.10.2019\u201306.01.2020<\/td>\n<td width=\"18%\">Diedrich Diederichsen, Anselm Franke<\/td>\n<\/tr>\n<tr>\n<td width=\"8%\">2019<\/td>\n<td colspan=\"2\" width=\"29%\"><em>Journeys with the initiated<\/em><\/td>\n<td width=\"27%\">Participant Inc, e-flux, Goethe-Institut New York<\/td>\n<td width=\"15%\">03.12.2018\u201313.01.2019<\/td>\n<td width=\"18%\">Yesomi Umolu, \u00a0\u00a0\u00a0\u00a0\u00a0Katja Rivera<\/td>\n<\/tr>\n<tr>\n<td width=\"8%\">2018<\/td>\n<td colspan=\"2\" width=\"29%\"><em>Toutes les fautes qu&#8217;il y avait dans le monde, je les ai ramass\u00e9es\/ Alles \u00dcbel, das es in der Welt gab, habe ich gesammelt)<\/em><\/td>\n<td width=\"27%\">RAW Material Company, Dakar, Goethe-Institut New York<\/td>\n<td width=\"15%\">05.10.\u201324.10.2018<\/td>\n<td width=\"18%\">Koyo Kouoh, \u00a0\u00a0\u00a0\u00a0\u00a0\u00a0\u00a0Dulcie Abrahams Atlass<\/td>\n<\/tr>\n<tr>\n<td width=\"8%\">2018<\/td>\n<td colspan=\"2\" width=\"29%\"><em>Suprasensibilidades<\/em><\/td>\n<td width=\"27%\">Museo Nacional de Bellas Artes<\/p>\n<p>Centro Nacional de Arte<br \/>\nContempor\u00e1no Cerrillos<\/p>\n<p>Galer\u00eda Macchina<\/p>\n<p>Goethe-Institut Santiago de Chile<\/td>\n<td width=\"15%\">13.11.\u201318.11.2018<\/td>\n<td width=\"18%\">Mario Navarro<\/td>\n<\/tr>\n<tr>\n<td width=\"8%\">2017\/18<\/td>\n<td colspan=\"2\" width=\"29%\"><em>Implos\u00e3o: Trans(relacion)ando<br \/>\nHubert Fichte<\/em><\/td>\n<td width=\"27%\">Centro Municipal de Arte H\u00e9lio Oiticica,<\/p>\n<p>Goethe-Institut Rio de Janeiro<\/p>\n<p>MAM Museu de Arte Moderna<\/p>\n<p>Goethe-Institut Salvador<\/td>\n<td width=\"15%\">25. 11.2017\u201313.01.2018<\/p>\n<p>07.11.\u201317.12.2017<\/td>\n<td width=\"18%\">Max Jorge Hinderer Cruz, \u00a0\u00a0\u00a0\u00a0\u00a0\u00a0\u00a0\u00a0\u00a0\u00a0\u00a0\u00a0\u00a0\u00a0\u00a0\u00a0\u00a0Amilcar Packer<\/td>\n<\/tr>\n<tr>\n<td width=\"8%\">2017<\/td>\n<td colspan=\"2\" width=\"29%\"><em>FotoFilme &#8211; Chris Marker, Leonore Mau &#038; Hubert Fichte<\/em><\/td>\n<td width=\"27%\">Filmwerkstatt D\u00fcsseldorf e.V. (im Rahmen des Duesseldorf Photo Weekend 2017)<\/td>\n<td width=\"15%\">03.\u201305.02.2017<\/td>\n<td width=\"18%\">Jan Wagner<\/td>\n<\/tr>\n<tr>\n<td width=\"8%\">2015<\/td>\n<td colspan=\"2\" width=\"29%\"><em>Augen Auf! 100 Jahre Leica Fotografie<\/em><\/td>\n<td width=\"27%\">Deichtorhallen Hamburg, Haus der Photographie<\/td>\n<td width=\"15%\">17.07.\u201314.08.2015<\/td>\n<td width=\"18%\">Hans-Michael Koetzle<\/td>\n<\/tr>\n<tr>\n<td width=\"8%\">2012<\/td>\n<td colspan=\"2\" width=\"29%\"><em>Viva Photofilm<\/em><\/td>\n<td width=\"27%\">San Francisco Museum of Modern Art (in Kooperation mit dem Goethe-Institut San Francisco)<\/td>\n<td width=\"15%\">18.05.2012<\/td>\n<td width=\"18%\">Guszt\u00e1v H\u00e1mos<\/td>\n<\/tr>\n<tr>\n<td width=\"8%\">2011<\/td>\n<td colspan=\"2\" width=\"29%\"><em>Haut. Mythos und Medium<\/em><\/p>\n<p><em>\u00a0<\/em><\/td>\n<td width=\"27%\">Kunsthaus Hamburg (Kooperation mit dem Dermatologikum, der HfbK und HAW Hamburg)<\/td>\n<td width=\"15%\">20.06 \u2013 17.07.2011<\/td>\n<td width=\"18%\">Volker Steinkraus, Claus Mewes, \u00a0\u00a0\u00a0\u00a0Goesta Diercks<\/td>\n<\/tr>\n<tr>\n<td width=\"8%\">2007<\/td>\n<td colspan=\"2\" width=\"29%\"><em>Wege zur Selbstverst\u00e4ndlichkeit \u2013 Set 4 aus der Sammlung des Fotomuseum <\/em><\/td>\n<td width=\"27%\">Fotomuseum Winterthur<\/td>\n<td width=\"15%\">03.03.\u201314.10.2007<\/td>\n<td width=\"18%\">Thomas Seelig<\/td>\n<\/tr>\n<tr>\n<td width=\"8%\">2006\/07<\/td>\n<td colspan=\"2\" width=\"29%\"><em>Erz\u00e4hlungen. -35\/65+. Zwei Generationen<\/em><\/td>\n<td width=\"27%\">Kunsthaus Graz<\/td>\n<td width=\"15%\">04.11.2006-14.01.2007<\/td>\n<td width=\"18%\">Katrin Bucher Trantow, Katia Schurl<\/td>\n<\/tr>\n<tr>\n<td width=\"8%\">2006<\/td>\n<td colspan=\"2\" width=\"29%\"><em>FOTOFILME<\/em><\/td>\n<td width=\"27%\">Deutsche Filmmuseum Frankfurt, Frankfurt am Main (in Kooperation mit Robin Mallick, Filmfest Dresden)<\/td>\n<td width=\"15%\">01.-08.09.2006<\/td>\n<td width=\"18%\">Gust\u00e1v H\u00e1mos, \u00a0\u00a0\u00a0\u00a0\u00a0\u00a0Katja Pratschke, Thomas Tode<\/td>\n<\/tr>\n<tr>\n<td width=\"8%\">2006<\/td>\n<td colspan=\"2\" width=\"29%\"><em>Psychiatrie in Afrika &#8211; Fotografische Erkundungen von Leonore Mau, Dave Southwood und James Mollison<\/em><\/td>\n<td width=\"27%\">Krankenhaus-Museum, Bremen<\/td>\n<td width=\"15%\">01.07.-27.08.2006<\/td>\n<td width=\"18%\">[o.A.]<\/td>\n<\/tr>\n<tr>\n<td width=\"8%\">2005<\/td>\n<td colspan=\"2\" width=\"29%\"><em>Psychiatrie in Afrika \u2013 fotografische Erkundungen<\/em><\/td>\n<td width=\"27%\">Sammlung Prinzhorn, Zentrum f\u00fcr Psychosoziale Medizin, Heidelberg<\/td>\n<td width=\"15%\">07.07.\u2013 09.10.2005<\/td>\n<td width=\"18%\">[o.A.]<\/td>\n<\/tr>\n<tr>\n<td width=\"8%\">2002\/03<\/td>\n<td colspan=\"2\" width=\"29%\"><em>\u00d6konomien der Zeit<\/em><\/p>\n<p><em>\u00a0<\/em><\/td>\n<td width=\"27%\">Museum Ludwig, K\u00f6ln<\/p>\n<p>Migros Museum f\u00fcr Gegenwartskunst, Z\u00fcrich<\/p>\n<p>Akademie der K\u00fcnste, Berlin<\/td>\n<td width=\"15%\">16.03.\u201302.06.2003<\/p>\n<p>09.11.2002\u201305.01.2003<\/p>\n<p>14.07.\u201308.09.2002<\/td>\n<td width=\"18%\">Hans-Christian Dany, Astrid Wege<\/td>\n<\/tr>\n<tr>\n<td width=\"8%\">1997<\/td>\n<td colspan=\"2\" width=\"29%\"><em>Leonore Mau und Ulrike Ottinger<\/em><\/td>\n<td width=\"27%\">Juliettes Literatursalon, Berlin<\/td>\n<td width=\"15%\">[o.A.]<\/td>\n<td width=\"18%\">Hartmut Fischer<\/td>\n<\/tr>\n<tr>\n<td width=\"8%\">1993<\/td>\n<td colspan=\"2\" width=\"29%\"><em>KOERPER II <\/em><\/td>\n<td width=\"27%\">Galerie Elisabeth Kaufmann<\/td>\n<td width=\"15%\">12.06\u201307.08.1993<\/td>\n<td width=\"18%\">Elisabeth Kaufmann<\/td>\n<\/tr>\n<tr>\n<td width=\"8%\">1992<\/td>\n<td colspan=\"2\" width=\"29%\"><em>Tierra de Nadie <\/em><\/td>\n<td width=\"27%\">Hospital Real, Granada (im Rahmen der <em>World Expo <\/em>in Sevilla, 20.04.\u2013 12.10.1992)<\/td>\n<td width=\"15%\">15.06\u201315.07.1992<\/td>\n<td width=\"18%\">[o.A.]<\/td>\n<\/tr>\n<tr>\n<td width=\"8%\">1991<\/td>\n<td colspan=\"2\" width=\"29%\"><em>33 Hamburger Fotografinnen. Portraits und Darstellung<\/em><\/td>\n<td width=\"27%\">ART Hamburg Internationale Kunstmesse<\/p>\n<p>Kulturhaus der Stadt Kassel<\/p>\n<p>Kunsthaus Hamburg<\/td>\n<td width=\"15%\">06.\u201308.12.1991<\/p>\n<p>19.07.\u201325.08.1991<\/p>\n<p>08.03.\u201307.04.1991<\/td>\n<td width=\"18%\">Margit Tabel-Gerster, Doris Cordes-Vollert<\/td>\n<\/tr>\n<tr>\n<td width=\"8%\">1988\/89<\/td>\n<td colspan=\"2\" width=\"29%\"><em>Imitationen. Nachahmung und Modell: Von der Lust am Falschen (Teilprojekt: Foto Kopie \u2013 Fotografie und Imitationen, Museum f\u00fcr Gestaltung Basel)<\/em><\/td>\n<td width=\"27%\">Museum f\u00fcr Gestaltung Z\u00fcrich<a href=\"#_ftn1\" name=\"_ftnref1\">[1]<\/a><\/td>\n<td width=\"15%\">22.11.1989-28.01.1990<\/td>\n<td width=\"18%\">Martin Heller, \u00a0\u00a0\u00a0\u00a0\u00a0\u00a0\u00a0\u00a0\u00a0J\u00f6rg Huber, \u00a0\u00a0\u00a0\u00a0\u00a0\u00a0\u00a0\u00a0\u00a0\u00a0\u00a0Hans Ulrich Reck<\/td>\n<\/tr>\n<tr>\n<td width=\"8%\">1987<\/td>\n<td colspan=\"2\" width=\"29%\"><em>Die Gleichzeitigkeit des Anderen <\/em><\/td>\n<td width=\"27%\">Kunstmuseum Bern<\/td>\n<td width=\"15%\">21.03.\u201314.06.1987<\/td>\n<td width=\"18%\">J\u00fcrgen Glaesemer<\/td>\n<\/tr>\n<tr>\n<td width=\"8%\">1986<\/td>\n<td colspan=\"2\" width=\"29%\"><em>World Press Photo Exhibition<a href=\"#_ftn2\" name=\"_ftnref2\"><strong>[2]<\/strong><\/a><\/em><\/td>\n<td width=\"27%\">[o.A.]<\/td>\n<td width=\"15%\">[o.A.]<\/td>\n<td width=\"18%\">[o.A.]<\/td>\n<\/tr>\n<tr>\n<td width=\"8%\">1980<\/td>\n<td colspan=\"2\" width=\"29%\">[o.A.] (Schwerpunkt der Messe: Afrikanische Literatur)<\/td>\n<td width=\"27%\">Frankfurter Buchmesse, Frankfurt am Main<\/td>\n<td width=\"15%\">[o.A.]<\/td>\n<td width=\"18%\">[o.A.]<\/td>\n<\/tr>\n<tr>\n<td width=\"8%\">1979<\/td>\n<td colspan=\"2\" width=\"29%\"><em>World Press Photo Exhibition<a href=\"#_ftn3\" name=\"_ftnref3\"><strong>[3]<\/strong><\/a><\/em><\/td>\n<td width=\"27%\">[o.A.]<\/td>\n<td width=\"15%\">[o.A.]<\/td>\n<td width=\"18%\">[o.A.]<\/td>\n<\/tr>\n<tr>\n<td width=\"8%\">1979<\/td>\n<td colspan=\"2\" width=\"29%\"><em>Moderne Kunst aus Afrika : Horizonte &#8217;79, 1. Festival der Weltkulturen<\/em><\/td>\n<td width=\"27%\">Berliner Festspiele in Kooperation mit der Staatliche Kunsthalle Berlin (existierte von 1977 bis 1993)<\/td>\n<td width=\"15%\">24.06.-12.08.1979<\/td>\n<td width=\"18%\">Berliner Festspiele GmbH<\/td>\n<\/tr>\n<tr>\n<td width=\"8%\">1977<\/td>\n<td colspan=\"2\" width=\"29%\"><em>World Press Photo Exhibition<a href=\"#_ftn4\" name=\"_ftnref4\"><strong>[4]<\/strong><\/a><\/em><\/td>\n<td width=\"27%\">[o.A.]<\/td>\n<td width=\"15%\">[o.A.]<\/td>\n<td width=\"18%\">[o.A.]<\/td>\n<\/tr>\n<tr>\n<td width=\"8%\">1974<\/td>\n<td colspan=\"2\" width=\"29%\"><em>World Press Photo Exhibition<a href=\"#_ftn5\" name=\"_ftnref5\"><strong>[5]<\/strong><\/a><\/em><\/td>\n<td width=\"27%\">[o.A.]<\/td>\n<td width=\"15%\">[o.A.]<\/td>\n<td width=\"18%\">[o.A.]<\/td>\n<\/tr>\n<tr>\n<td width=\"8%\">1971\/1972<\/td>\n<td colspan=\"2\" width=\"29%\"><em>World Press Photo Exhibition<a href=\"#_ftn6\" name=\"_ftnref6\"><strong>[6]<\/strong><\/a><\/em><\/td>\n<td width=\"27%\">[o.A.]<\/td>\n<td width=\"15%\">[o.A.]<\/td>\n<td width=\"18%\">[o.A.]<\/td>\n<\/tr>\n<tr>\n<td width=\"8%\">1968\/1969<\/td>\n<td colspan=\"2\" width=\"29%\"><em>World Press Photo Exhibition<\/em><\/td>\n<td width=\"27%\">Netherlands Congress Centre of The Hague (heute: World Forum)<\/td>\n<td width=\"15%\">17. 03-08.04.1969<\/td>\n<td width=\"18%\">[o.A.]<\/td>\n<\/tr>\n<tr>\n<td width=\"8%\">1966<\/td>\n<td colspan=\"2\" width=\"29%\"><em>World Press Photo Exhibition<\/em><\/td>\n<td width=\"27%\">Municipal Museum of The Hague (heute: Kunstmuseum Den Haag)<\/td>\n<td width=\"15%\">16.12.966-29.01.1967<\/td>\n<td width=\"18%\">[o.A.]<\/td>\n<\/tr>\n<tr>\n<td width=\"8%\">1965<\/td>\n<td colspan=\"2\" width=\"29%\"><em>World Press Photo Exhibition<\/em><\/td>\n<td width=\"27%\">Municipal Museum of The Hague (heute: Kunstmuseum Den Haag)<\/td>\n<td width=\"15%\">10.12.1965-31.01.1966<\/td>\n<td width=\"18%\">[o.A.]<\/td>\n<\/tr>\n<tr>\n<td width=\"8%\">1964<\/td>\n<td colspan=\"2\" width=\"29%\"><em>World Press Photo Exhibition <\/em><\/td>\n<td width=\"27%\">Municipal Museum of The Hague (heute: Kunstmuseum Den Haag)<\/td>\n<td width=\"15%\">17.12.1964-31.01.1965<\/td>\n<td width=\"18%\">[o.A.]<\/td>\n<\/tr>\n<\/tbody>\n<\/table>\n<p><a href=\"#_ftnref1\" name=\"_ftn1\">[1]<\/a> Not clearly provable. Note available, but no confirmation from the museum.<\/p>\n<p><a href=\"#_ftnref2\" name=\"_ftn2\">[2], <\/a><a href=\"#_ftnref3\" name=\"_ftn3\">[3], <\/a><a href=\"#_ftnref4\" name=\"_ftn3\">[4]<\/a><a href=\"#_ftnref2\" name=\"_ftn2\">, <\/a><a href=\"#_ftnref5\" name=\"_ftn5\">[5], <\/a><a href=\"#_ftnref6\" name=\"_ftn5\">[6]<\/a><a href=\"#_ftnref5\" name=\"_ftn5\"><\/a><a href=\"#_ftnref2\" name=\"_ftn2\"> <\/a> Leonore Maus name can be found in the list of participants. Confirmation that her photographs were exhibited is not available.<\/p>\n<p><a href=\"#_ftnref4\" name=\"_ftn4\"><\/a><\/p>\n<\/div><\/section>\n<div  class='hr av-msu96-200363945d686ecf368a0f80d19a9ad6 hr-default  avia-builder-el-12  el_after_av_textblock  el_before_av_textblock '><span class='hr-inner '><span class=\"hr-inner-style\"><\/span><\/span><\/div>\n<section  class='av_textblock_section av-db28q-57c0033770fc4cb13bfba60238126b4a '   itemscope=\"itemscope\" itemtype=\"https:\/\/schema.org\/CreativeWork\" ><div class='avia_textblock'  itemprop=\"text\" ><p><strong>Created by Marlene Burmeister (S. Fischer Stiftung, Berlin) and Mona Schubert (Fotomuseum Winterthur)<\/strong><\/p>\n<\/div><\/section>\n<div  class='hr av-7b3ju-2c1399147c3f842a5553f901aaa88604 hr-default  avia-builder-el-14  el_after_av_textblock  avia-builder-el-last '><span class='hr-inner '><span class=\"hr-inner-style\"><\/span><\/span><\/div>\n","protected":false},"excerpt":{"rendered":"","protected":false},"author":2,"featured_media":0,"parent":6063,"menu_order":0,"comment_status":"closed","ping_status":"closed","template":"","meta":{"footnotes":""},"class_list":["post-6111","page","type-page","status-publish","hentry"],"yoast_head":"<!-- This site is optimized with the Yoast SEO plugin v27.4 - https:\/\/yoast.com\/product\/yoast-seo-wordpress\/ -->\n<title>Exhibition Overview - Leonore Mau<\/title>\n<meta name=\"description\" content=\"Leonore Mau (1916-2013). Deutsche Fotografin. Biografie. Werk. Ausstellungen. Interviews. Nachlass. Bildethik.\" \/>\n<meta name=\"robots\" content=\"index, follow, max-snippet:-1, max-image-preview:large, max-video-preview:-1\" \/>\n<link rel=\"canonical\" href=\"https:\/\/leonore-mau.de\/en\/exhibitions\/ausstellungsuebersicht\/\" \/>\n<meta property=\"og:locale\" content=\"en_US\" \/>\n<meta property=\"og:type\" content=\"article\" \/>\n<meta property=\"og:title\" content=\"Exhibition Overview - Leonore Mau\" \/>\n<meta property=\"og:description\" content=\"Leonore Mau (1916-2013). Deutsche Fotografin. Biografie. Werk. Ausstellungen. Interviews. Nachlass. Bildethik.\" \/>\n<meta property=\"og:url\" content=\"https:\/\/leonore-mau.de\/en\/exhibitions\/ausstellungsuebersicht\/\" \/>\n<meta property=\"og:site_name\" content=\"Leonore Mau\" \/>\n<meta property=\"article:modified_time\" content=\"2025-10-16T08:59:29+00:00\" \/>\n<meta name=\"twitter:card\" content=\"summary_large_image\" \/>\n<meta name=\"twitter:label1\" content=\"Est. reading time\" \/>\n\t<meta name=\"twitter:data1\" content=\"9 minutes\" \/>\n<script type=\"application\/ld+json\" class=\"yoast-schema-graph\">{\"@context\":\"https:\\\/\\\/schema.org\",\"@graph\":[{\"@type\":\"WebPage\",\"@id\":\"https:\\\/\\\/leonore-mau.de\\\/en\\\/exhibitions\\\/ausstellungsuebersicht\\\/\",\"url\":\"https:\\\/\\\/leonore-mau.de\\\/en\\\/exhibitions\\\/ausstellungsuebersicht\\\/\",\"name\":\"Exhibition Overview - Leonore Mau\",\"isPartOf\":{\"@id\":\"https:\\\/\\\/leonore-mau.de\\\/#website\"},\"datePublished\":\"2022-05-09T13:20:06+00:00\",\"dateModified\":\"2025-10-16T08:59:29+00:00\",\"description\":\"Leonore Mau (1916-2013). Deutsche Fotografin. Biografie. Werk. Ausstellungen. Interviews. Nachlass. Bildethik.\",\"breadcrumb\":{\"@id\":\"https:\\\/\\\/leonore-mau.de\\\/en\\\/exhibitions\\\/ausstellungsuebersicht\\\/#breadcrumb\"},\"inLanguage\":\"en-US\",\"potentialAction\":[{\"@type\":\"ReadAction\",\"target\":[\"https:\\\/\\\/leonore-mau.de\\\/en\\\/exhibitions\\\/ausstellungsuebersicht\\\/\"]}]},{\"@type\":\"BreadcrumbList\",\"@id\":\"https:\\\/\\\/leonore-mau.de\\\/en\\\/exhibitions\\\/ausstellungsuebersicht\\\/#breadcrumb\",\"itemListElement\":[{\"@type\":\"ListItem\",\"position\":1,\"name\":\"Startseite\",\"item\":\"https:\\\/\\\/leonore-mau.de\\\/en\\\/\"},{\"@type\":\"ListItem\",\"position\":2,\"name\":\"EXHIBITIONS\",\"item\":\"https:\\\/\\\/leonore-mau.de\\\/en\\\/exhibitions\\\/\"},{\"@type\":\"ListItem\",\"position\":3,\"name\":\"Exhibition Overview\"}]},{\"@type\":\"WebSite\",\"@id\":\"https:\\\/\\\/leonore-mau.de\\\/#website\",\"url\":\"https:\\\/\\\/leonore-mau.de\\\/\",\"name\":\"Leonore Mau\",\"description\":\"Fotografin\",\"potentialAction\":[{\"@type\":\"SearchAction\",\"target\":{\"@type\":\"EntryPoint\",\"urlTemplate\":\"https:\\\/\\\/leonore-mau.de\\\/?s={search_term_string}\"},\"query-input\":{\"@type\":\"PropertyValueSpecification\",\"valueRequired\":true,\"valueName\":\"search_term_string\"}}],\"inLanguage\":\"en-US\"}]}<\/script>\n<!-- \/ Yoast SEO plugin. -->","yoast_head_json":{"title":"Exhibition Overview - Leonore Mau","description":"Leonore Mau (1916-2013). Deutsche Fotografin. Biografie. Werk. Ausstellungen. Interviews. Nachlass. Bildethik.","robots":{"index":"index","follow":"follow","max-snippet":"max-snippet:-1","max-image-preview":"max-image-preview:large","max-video-preview":"max-video-preview:-1"},"canonical":"https:\/\/leonore-mau.de\/en\/exhibitions\/ausstellungsuebersicht\/","og_locale":"en_US","og_type":"article","og_title":"Exhibition Overview - Leonore Mau","og_description":"Leonore Mau (1916-2013). Deutsche Fotografin. Biografie. Werk. Ausstellungen. Interviews. Nachlass. Bildethik.","og_url":"https:\/\/leonore-mau.de\/en\/exhibitions\/ausstellungsuebersicht\/","og_site_name":"Leonore Mau","article_modified_time":"2025-10-16T08:59:29+00:00","twitter_card":"summary_large_image","twitter_misc":{"Est. reading time":"9 minutes"},"schema":{"@context":"https:\/\/schema.org","@graph":[{"@type":"WebPage","@id":"https:\/\/leonore-mau.de\/en\/exhibitions\/ausstellungsuebersicht\/","url":"https:\/\/leonore-mau.de\/en\/exhibitions\/ausstellungsuebersicht\/","name":"Exhibition Overview - Leonore Mau","isPartOf":{"@id":"https:\/\/leonore-mau.de\/#website"},"datePublished":"2022-05-09T13:20:06+00:00","dateModified":"2025-10-16T08:59:29+00:00","description":"Leonore Mau (1916-2013). Deutsche Fotografin. Biografie. Werk. Ausstellungen. Interviews. Nachlass. Bildethik.","breadcrumb":{"@id":"https:\/\/leonore-mau.de\/en\/exhibitions\/ausstellungsuebersicht\/#breadcrumb"},"inLanguage":"en-US","potentialAction":[{"@type":"ReadAction","target":["https:\/\/leonore-mau.de\/en\/exhibitions\/ausstellungsuebersicht\/"]}]},{"@type":"BreadcrumbList","@id":"https:\/\/leonore-mau.de\/en\/exhibitions\/ausstellungsuebersicht\/#breadcrumb","itemListElement":[{"@type":"ListItem","position":1,"name":"Startseite","item":"https:\/\/leonore-mau.de\/en\/"},{"@type":"ListItem","position":2,"name":"EXHIBITIONS","item":"https:\/\/leonore-mau.de\/en\/exhibitions\/"},{"@type":"ListItem","position":3,"name":"Exhibition Overview"}]},{"@type":"WebSite","@id":"https:\/\/leonore-mau.de\/#website","url":"https:\/\/leonore-mau.de\/","name":"Leonore Mau","description":"Fotografin","potentialAction":[{"@type":"SearchAction","target":{"@type":"EntryPoint","urlTemplate":"https:\/\/leonore-mau.de\/?s={search_term_string}"},"query-input":{"@type":"PropertyValueSpecification","valueRequired":true,"valueName":"search_term_string"}}],"inLanguage":"en-US"}]}},"_links":{"self":[{"href":"https:\/\/leonore-mau.de\/en\/wp-json\/wp\/v2\/pages\/6111","targetHints":{"allow":["GET"]}}],"collection":[{"href":"https:\/\/leonore-mau.de\/en\/wp-json\/wp\/v2\/pages"}],"about":[{"href":"https:\/\/leonore-mau.de\/en\/wp-json\/wp\/v2\/types\/page"}],"author":[{"embeddable":true,"href":"https:\/\/leonore-mau.de\/en\/wp-json\/wp\/v2\/users\/2"}],"replies":[{"embeddable":true,"href":"https:\/\/leonore-mau.de\/en\/wp-json\/wp\/v2\/comments?post=6111"}],"version-history":[{"count":24,"href":"https:\/\/leonore-mau.de\/en\/wp-json\/wp\/v2\/pages\/6111\/revisions"}],"predecessor-version":[{"id":7590,"href":"https:\/\/leonore-mau.de\/en\/wp-json\/wp\/v2\/pages\/6111\/revisions\/7590"}],"up":[{"embeddable":true,"href":"https:\/\/leonore-mau.de\/en\/wp-json\/wp\/v2\/pages\/6063"}],"wp:attachment":[{"href":"https:\/\/leonore-mau.de\/en\/wp-json\/wp\/v2\/media?parent=6111"}],"curies":[{"name":"wp","href":"https:\/\/api.w.org\/{rel}","templated":true}]}}